{"id":240,"date":"2021-04-08T08:06:15","date_gmt":"2021-04-08T08:06:15","guid":{"rendered":"http:\/\/imdeafoodcompubio.com\/?page_id=240"},"modified":"2021-04-08T08:07:30","modified_gmt":"2021-04-08T08:07:30","slug":"politica-privacidad","status":"publish","type":"page","link":"https:\/\/imdeafoodcompubio.com\/index.php\/politica-privacidad\/","title":{"rendered":"Pol\u00edtica de privacidad"},"content":{"rendered":"<p><strong><em>\u00bfQui\u00e9n trata sus datos?<\/em><\/strong><\/p>\n<p><strong><em>\u00a0<\/em><\/strong><\/p>\n<p><em>FUNDACI\u00d3N IMDEA ALIMENTACI\u00d3N con domicilio en la Ctra. de Canto Blanco n\u00ba8, E &#8211; 28049 Madrid. Tel: +34 91727 81 00 &#8211; contacto.alimentacion@imdea.org. Puede contactar con el delegado de protecci\u00f3n de datos en\u00a0 <\/em><a href=\"mailto:datos.alimentacion@imdea.org\"><em>datos.alimentacion@imdea.org<\/em><\/a><\/p>\n<p><em>\u00a0<\/em><\/p>\n<p><strong><em>\u00bfQu\u00e9 derechos tiene y d\u00f3nde puede ejercitarlos?<\/em><\/strong><\/p>\n<p><em>\u00a0<\/em><\/p>\n<p><em>Podr\u00e1 solicitar el ejercicio de estos derechos enviando un correo electr\u00f3nico a <\/em><a href=\"mailto:datos.alimentaci\u00f3n@imdea.org\"><em>datos.alimentaci\u00f3n@imdea.org<\/em><\/a><em> aportando copia de su documento de identidad.<\/em><\/p>\n<table>\n<tbody>\n<tr>\n<td width=\"189\">\n<p style=\"text-align: center;\"><strong><em>Derecho<\/em><\/strong><\/p>\n<\/td>\n<td style=\"text-align: center;\" width=\"369\"><strong><em>Contenido<\/em><\/strong><\/td>\n<\/tr>\n<tr>\n<td width=\"189\"><strong><em>Acceso<\/em><\/strong><\/td>\n<td width=\"369\"><em>Para consultar sus datos obteniendo confirmaci\u00f3n sobre si se est\u00e1 realizando o no un tratamiento de los mismos.<\/em><\/td>\n<\/tr>\n<tr>\n<td width=\"189\"><strong><em>Rectificaci\u00f3n<\/em><\/strong><\/td>\n<td width=\"369\"><em>Para modificar aquellos que est\u00e9n incompletos o no sean exactos.<\/em><\/td>\n<\/tr>\n<tr>\n<td width=\"189\"><strong><em>Supresi\u00f3n<\/em><\/strong><\/td>\n<td width=\"369\"><em>Para solicitar que se eliminen cuando no sean necesarios, lo establezca una ley, retire su consentimiento o se oponga al tratamiento, entre otros motivos. <\/em><\/td>\n<\/tr>\n<tr>\n<td width=\"189\"><strong><em>Oposici\u00f3n<\/em><\/strong><\/td>\n<td width=\"369\"><em>Para solicitar que no sean tratados por motivos basados en sus circunstancias personales, en cuyo caso una vez analizados dichos motivos se dejar\u00e1n de tratar.<\/em><\/td>\n<\/tr>\n<tr>\n<td width=\"189\"><strong><em>Limitaci\u00f3n del tratamiento<\/em><\/strong><\/td>\n<td width=\"369\"><em>Para que se bloquee el tratamiento mientras se valora si procede la atenci\u00f3n de otros derechos, cuando se oponga a su supresi\u00f3n, o quiera que sean conservados, aunque IMDEA ALIMENTACI\u00d3N no necesite tratarlos, para el ejercicio o defensa de sus reclamaciones.<\/em><\/td>\n<\/tr>\n<tr>\n<td width=\"189\"><strong><em>Portabilidad<\/em><\/strong><\/td>\n<td width=\"369\"><em>Para obtener en formato electr\u00f3nico los datos personales que nos haya facilitado y los que hayamos obtenido durante su relaci\u00f3n con el instituto.<\/em><\/td>\n<\/tr>\n<tr>\n<td width=\"189\"><strong><em>Retirada del consentimiento<\/em><\/strong><\/td>\n<td width=\"369\">\n<p style=\"text-align: left;\"><em>Para que en adelante no se contin\u00fae el tratamiento de sus datos, lo que no afectar\u00e1 al tratamiento realizado hasta ese momento.<\/em><\/p>\n<\/td>\n<\/tr>\n<\/tbody>\n<\/table>\n<p><em>En caso de considerar que el tratamiento de sus datos no cumple la legalidad puede presentar una reclamaci\u00f3n ante nuestro delegado de protecci\u00f3n de datos en\u00a0 <\/em><a href=\"mailto:datos.alimentacion@imdea.org\"><em>datos.alimentacion@imdea.org<\/em><\/a><em>. Puede igualmente presentar una reclamaci\u00f3n ante la Agencia Espa\u00f1ola de Protecci\u00f3n de Datos (AEPD)<\/em>.<\/p>\n<p><strong><em>\u00a0<\/em><\/strong><\/p>\n<p><strong><em>\u00bfCon qu\u00e9 finalidad se realiza el tratamiento? <\/em><\/strong><\/p>\n<p><em>Proceder a su registro para permitirle en adelante el acceso y el uso de la herramienta de an\u00e1lisis y ponernos en contacto posteriormente por correo electr\u00f3nico para realizar por medio de la cumplimentaci\u00f3n de cuestionarios un estudio de usabilidad de la herramienta y mejorar su calidad.<\/em><\/p>\n<p><strong><em>\u00a0<\/em><\/strong><\/p>\n<p><strong><em>\u00bfPor qu\u00e9 puede hacerlo?<\/em><\/strong><\/p>\n<p><em>Porque el registro en la herramienta supone su consentimiento para el tratamiento de sus datos con los fines indicados, que facilita pulsando el bot\u00f3n de registro. El an\u00e1lisis de la herramienta se realiza en el marco de un proyecto de investigaci\u00f3n coordinado por IMDEA ALIMENTACI\u00d3N con objeto de proveer una soluci\u00f3n en la nube que permita aumentar la explotaci\u00f3n del conocimiento en seguridad alimentaria y nutricional, lo que lleva asociado el estudio sobre su usabilidad.<\/em><\/p>\n<p><strong><em>\u00a0<\/em><\/strong><\/p>\n<p><strong><em>\u00bfQui\u00e9n m\u00e1s accede a sus datos?<\/em><\/strong><\/p>\n<p><em>El resultado de la evaluaci\u00f3n se facilitar\u00e1 a los organismos que financian el proyecto de investigaci\u00f3n.<\/em><\/p>\n<p><strong><em>\u00a0<\/em><\/strong><\/p>\n<p><strong><em>\u00bfCu\u00e1nto tiempo se conservan sus datos?<\/em><\/strong><\/p>\n<p><em>Sus datos se tratar\u00e1n mientras no retire su consentimiento mediante una solicitud de baja en la aplicaci\u00f3n y se conservar\u00e1n en tanto el proceso pueda ser auditado por los organismos que subvencionan el proyecto de investigaci\u00f3n.<\/em><\/p>\n","protected":false},"excerpt":{"rendered":"<p>\u00bfQui\u00e9n trata sus datos? \u00a0 FUNDACI\u00d3N IMDEA ALIMENTACI\u00d3N con domicilio en la Ctra. de Canto Blanco n\u00ba8, E &#8211; 28049 Madrid. Tel: +34 91727 81 00 &#8211; contacto.alimentacion@imdea.org. Puede contactar con el delegado de protecci\u00f3n de datos en\u00a0 datos.alimentacion@imdea.org \u00a0 \u00bfQu\u00e9 derechos tiene y d\u00f3nde puede ejercitarlos? \u00a0 Podr\u00e1 solicitar el ejercicio de estos derechosContinue reading &rarr;<\/p>\n","protected":false},"author":1,"featured_media":0,"parent":0,"menu_order":0,"comment_status":"closed","ping_status":"closed","template":"","meta":{"footnotes":""},"class_list":["post-240","page","type-page","status-publish","hentry","no-thumb"],"_links":{"self":[{"href":"https:\/\/imdeafoodcompubio.com\/index.php\/wp-json\/wp\/v2\/pages\/240","targetHints":{"allow":["GET"]}}],"collection":[{"href":"https:\/\/imdeafoodcompubio.com\/index.php\/wp-json\/wp\/v2\/pages"}],"about":[{"href":"https:\/\/imdeafoodcompubio.com\/index.php\/wp-json\/wp\/v2\/types\/page"}],"author":[{"embeddable":true,"href":"https:\/\/imdeafoodcompubio.com\/index.php\/wp-json\/wp\/v2\/users\/1"}],"replies":[{"embeddable":true,"href":"https:\/\/imdeafoodcompubio.com\/index.php\/wp-json\/wp\/v2\/comments?post=240"}],"version-history":[{"count":3,"href":"https:\/\/imdeafoodcompubio.com\/index.php\/wp-json\/wp\/v2\/pages\/240\/revisions"}],"predecessor-version":[{"id":245,"href":"https:\/\/imdeafoodcompubio.com\/index.php\/wp-json\/wp\/v2\/pages\/240\/revisions\/245"}],"wp:attachment":[{"href":"https:\/\/imdeafoodcompubio.com\/index.php\/wp-json\/wp\/v2\/media?parent=240"}],"curies":[{"name":"wp","href":"https:\/\/api.w.org\/{rel}","templated":true}]}}